{"id":3008,"date":"2025-12-10T08:44:44","date_gmt":"2025-12-10T07:44:44","guid":{"rendered":"https:\/\/events.i-med.ac.at\/all\/?page_id=3008"},"modified":"2026-03-21T07:37:09","modified_gmt":"2026-03-21T06:37:09","slug":"woche-des-gehirns","status":"publish","type":"page","link":"https:\/\/events.i-med.ac.at\/all\/woche-des-gehirns\/","title":{"rendered":"Woche des Gehirns 2026"},"content":{"rendered":"<div class=\"n2_clear\"><ss3-force-full-width data-overflow-x=\"body\" data-horizontal-selector=\"body\"><div class=\"n2-section-smartslider fitvidsignore  n2_clear\" data-ssid=\"7\"><div id=\"n2-ss-7-align\" class=\"n2-ss-align\"><div class=\"n2-padding\"><div id=\"n2-ss-7\" data-creator=\"Smart Slider 3\" data-responsive=\"fullwidth\" class=\"n2-ss-slider n2-ow n2-has-hover n2notransition  \">\n        <div class=\"n2-ss-slider-1 n2_ss__touch_element n2-ow\">\n            <div class=\"n2-ss-slider-2 n2-ow\">\n                                                <div class=\"n2-ss-slider-3 n2-ow\">\n\n                    <div class=\"n2-ss-slide-backgrounds n2-ow-all\"><div class=\"n2-ss-slide-background\" data-public-id=\"1\" data-mode=\"fill\"><div class=\"n2-ss-slide-background-image\" data-blur=\"0\" data-opacity=\"100\" data-x=\"56\" data-y=\"0\" data-alt=\"\" data-title=\"\" style=\"--ss-o-pos-x:56%;--ss-o-pos-y:0%\"><picture class=\"skip-lazy\" data-skip-lazy=\"1\"><img decoding=\"async\" src=\"\/\/events.i-med.ac.at\/all\/wp-content\/uploads\/2026\/02\/Banner-WdG_2026-2.jpg\" alt=\"\" title=\"\" loading=\"lazy\" class=\"skip-lazy\" data-skip-lazy=\"1\"><\/picture><\/div><div data-color=\"RGBA(218,231,239,1)\" style=\"background-color: RGBA(218,231,239,1);\" class=\"n2-ss-slide-background-color\"><\/div><\/div><\/div>                    <div class=\"n2-ss-slider-4 n2-ow\">\n                        <svg xmlns=\"http:\/\/www.w3.org\/2000\/svg\" viewBox=\"0 0 2400 480\" data-related-device=\"desktopPortrait\" class=\"n2-ow n2-ss-preserve-size n2-ss-preserve-size--slider n2-ss-slide-limiter\"><\/svg><div data-first=\"1\" data-slide-duration=\"0\" data-id=\"8\" data-slide-public-id=\"1\" data-title=\"Slide\" class=\"n2-ss-slide n2-ow  n2-ss-slide-8\"><div role=\"note\" class=\"n2-ss-slide--focus\" tabindex=\"-1\">Slide<\/div><div class=\"n2-ss-layers-container n2-ss-slide-limiter n2-ow\"><div class=\"n2-ss-layer n2-ow n-uc-gWXV2PO1Vyky\" data-sstype=\"slide\" data-pm=\"default\"><\/div><\/div><\/div>                    <\/div>\n\n                                    <\/div>\n            <\/div>\n        <\/div>\n        <\/div><ss3-loader><\/ss3-loader><\/div><\/div><div class=\"n2_clear\"><\/div><\/div><\/ss3-force-full-width><\/div>\n\n\n<div class=\"wp-block-columns is-layout-flex wp-container-core-columns-is-layout-9d6595d7 wp-block-columns-is-layout-flex\">\n<div class=\"wp-block-column is-layout-flow wp-block-column-is-layout-flow\" style=\"flex-basis:66.66%\">\n<h2 class=\"wp-block-heading has-text-align-center pb-4 pt-5 has-vivid-red-color has-text-color has-link-color wp-elements-eaa610e6096016799686cc135d19dbda\">Schwerpunkt: <br>Gehirn, Gesundheit und K\u00fcnstliche Intelligenz<\/h2>\n<\/div>\n\n\n\n<div class=\"wp-block-column is-layout-flow wp-block-column-is-layout-flow\" style=\"flex-basis:20%\">\n<div class=\"wp-block-buttons is-content-justification-left is-layout-flex wp-container-core-buttons-is-layout-45245d17 wp-block-buttons-is-layout-flex\">\n<div class=\"wp-block-button mt-5\"><a class=\"wp-block-button__link has-vivid-red-background-color has-background wp-element-button\" href=\"https:\/\/mui.cloud.panopto.eu\/Panopto\/Portal\/Streaming\/Woche_des_Gehirns\" style=\"border-radius:10px\" target=\"_blank\" rel=\"noreferrer noopener\">Hier geht es zur Nachschau der Vortr\u00e4ge!<\/a><\/div>\n<\/div>\n<\/div>\n<\/div>\n\n\n\n<div class=\"wp-block-columns ticss-394a9f36 has-background is-layout-flex wp-container-core-columns-is-layout-9d6595d7 wp-block-columns-is-layout-flex\" style=\"background-color:#dbe7ef\">\n<div class=\"wp-block-column is-layout-flow wp-block-column-is-layout-flow\">\n<p class=\"has-text-align-left mb-0 has-text-color has-link-color has-medium-font-size wp-elements-1aad40272260ca1a60dde52ee23b6c5c\" style=\"color:#4b849c\">Alle Vortr\u00e4ge sind in \u00d6GS (\u00d6sterreichische Geb\u00e4rdensprache) gedolmetscht!<\/p>\n<\/div>\n<\/div>\n\n\n\n<div class=\"wp-block-group\"><div class=\"wp-block-group__inner-container is-layout-constrained wp-block-group-is-layout-constrained\">\n<div class=\"wp-block-columns ticss-58c1f68a has-background is-layout-flex wp-container-core-columns-is-layout-9d6595d7 wp-block-columns-is-layout-flex\" style=\"background-color:#f1f1f1\">\n<div class=\"wp-block-column ticss-c6e36f28 bggehirn has-background is-layout-flow wp-block-column-is-layout-flow\" style=\"background-color:#dbe7ef;flex-basis:35%\">\n<h3 class=\"wp-block-heading mb-0 has-text-color has-link-color wp-elements-cd224276807ff74ef09c1eca754c693b\" style=\"color:#4b849c\">Montag, 16.03.2026<\/h3>\n\n\n\n<hr class=\"wp-block-separator has-text-color has-alpha-channel-opacity has-background is-style-wide\" style=\"background-color:#da353c;color:#da353c\"\/>\n\n\n\n<p class=\"fs-6 mb-3 ticss-d5eff011\"><\/p>\n\n\n\n<p class=\"mb-0 ticss-8404f503\"><\/p>\n<\/div>\n\n\n\n<div class=\"wp-block-column ticss-846714aa p-4 pt-0 pt-md-4 px-lg-0 pe-lg-4 is-layout-flow wp-block-column-is-layout-flow\" style=\"flex-basis:65%\">\n<h3 class=\"wp-block-heading pb-4\">Faszination Gehirn &#8211; Wie elektrische Signale und unsichtbare Netzwerke unser Denken und Handeln erm\u00f6glichen<\/h3>\n\n\n\n<div class=\"wp-block-columns is-not-stacked-on-mobile mb-0 is-layout-flex wp-container-core-columns-is-layout-9d6595d7 wp-block-columns-is-layout-flex\">\n<div class=\"wp-block-column is-layout-flow wp-block-column-is-layout-flow\" style=\"flex-basis:25%\">\n<figure class=\"wp-block-image size-medium\"><img loading=\"lazy\" decoding=\"async\" width=\"300\" height=\"300\" src=\"https:\/\/events.i-med.ac.at\/all\/wp-content\/uploads\/2026\/01\/portrait_sabine_liebscher-e1748862078691-300x300.jpg\" alt=\"\" class=\"wp-image-3054\" style=\"object-fit:cover\" srcset=\"https:\/\/events.i-med.ac.at\/all\/wp-content\/uploads\/2026\/01\/portrait_sabine_liebscher-e1748862078691-300x300.jpg 300w, https:\/\/events.i-med.ac.at\/all\/wp-content\/uploads\/2026\/01\/portrait_sabine_liebscher-e1748862078691-1024x1024.jpg 1024w, https:\/\/events.i-med.ac.at\/all\/wp-content\/uploads\/2026\/01\/portrait_sabine_liebscher-e1748862078691-150x150.jpg 150w, https:\/\/events.i-med.ac.at\/all\/wp-content\/uploads\/2026\/01\/portrait_sabine_liebscher-e1748862078691-768x767.jpg 768w, https:\/\/events.i-med.ac.at\/all\/wp-content\/uploads\/2026\/01\/portrait_sabine_liebscher-e1748862078691-1536x1534.jpg 1536w, https:\/\/events.i-med.ac.at\/all\/wp-content\/uploads\/2026\/01\/portrait_sabine_liebscher-e1748862078691.jpg 1660w\" sizes=\"auto, (max-width: 300px) 100vw, 300px\" \/><\/figure>\n<\/div>\n\n\n\n<div class=\"wp-block-column is-layout-flow wp-block-column-is-layout-flow\" style=\"flex-basis:75%\">\n<p>Sabine Liebscher, Professorin f\u00fcr Systemische Neurobiochemie und Leiterin des Instituts f\u00fcr Systemische Neurowissenschaften<\/p>\n<\/div>\n<\/div>\n\n\n\n<p>In ihrem Vortrag gibt die Neurobiologin und Medizinerin <strong>Sabine Liebscher<\/strong> einen leicht verst\u00e4ndlichen Einblick in den Aufbau und die Arbeitsweise des Gehirns. Sie erkl\u00e4rt, wie Nervenzellen aufgebaut sind und warum sie sich von anderen K\u00f6rperzellen unterscheiden. Anhand einfacher Beispiele zeigt sie, wie elektrische Signale entlang von \u201eNervenleitungen\u201c laufen und wie sie in chemische Botschaften \u00fcbersetzt werden. Im Mittelpunkt des Vortrags steht, wie aus vielen Milliarden solcher Zellen gro\u00dfe Netzwerke entstehen, die Denken, F\u00fchlen, Erinnern und Handeln erm\u00f6glichen. Die Expertin thematisiert auch, wie sich das Gehirn im Laufe des Lebens ver\u00e4ndern und anpassen kann und sie greift allt\u00e4gliche Fragen auf, etwa warum wir manchmal Dinge vergessen und was dem Gehirn guttut.&nbsp;<\/p>\n\n\n\n<div class=\"wp-block-buttons is-layout-flex wp-block-buttons-is-layout-flex\">\n<div class=\"wp-block-button\"><a class=\"wp-block-button__link has-background wp-element-button\" href=\"https:\/\/mui.cloud.panopto.eu\/Panopto\/Portal\/Streaming\/Woche_des_Gehirns\/087e40e1-b2ec-465f-a646-b3f700abc952\/2b459b27-224d-4857-aa83-b3f700aecb26\" style=\"background-color:#4b849c\" target=\"_blank\" rel=\"noreferrer noopener\">Hier den Vortrag nachsehen!<\/a><\/div>\n<\/div>\n<\/div>\n<\/div>\n\n\n\n<div class=\"wp-block-columns ticss-58c1f68a has-background is-layout-flex wp-container-core-columns-is-layout-9d6595d7 wp-block-columns-is-layout-flex\" style=\"background-color:#f1f1f1\">\n<div class=\"wp-block-column ticss-ed5eae0f bggehirn has-background is-layout-flow wp-block-column-is-layout-flow\" style=\"background-color:#dbe7ef;flex-basis:35%\">\n<h3 class=\"wp-block-heading mb-0 has-text-color has-link-color wp-elements-3de8b622410cc0f936f1cac508fc6e22\" style=\"color:#4b849c\">Dienstag, 17.03.2026<\/h3>\n\n\n\n<hr class=\"wp-block-separator has-text-color has-alpha-channel-opacity has-background is-style-wide\" style=\"background-color:#da353c;color:#da353c\"\/>\n\n\n\n<p class=\"fs-6 mb-3 ticss-d5eff011\"><\/p>\n\n\n\n<p class=\"mb-0 ticss-8404f503 has-small-font-size\"><\/p>\n<\/div>\n\n\n\n<div class=\"wp-block-column ticss-55ce26d8 p-4 pt-0 pt-md-4 px-lg-0 pe-lg-4 is-layout-flow wp-block-column-is-layout-flow\" style=\"flex-basis:65%\">\n<h3 class=\"wp-block-heading pb-4\">Digitaler Detektiv &#8211; Wie KI bei der Erkennung von Hirntumoren und anderen Erkrankungen unterst\u00fctzen kann&nbsp;<\/h3>\n\n\n\n<div class=\"wp-block-columns is-not-stacked-on-mobile mb-0 is-layout-flex wp-container-core-columns-is-layout-9d6595d7 wp-block-columns-is-layout-flex\">\n<div class=\"wp-block-column is-layout-flow wp-block-column-is-layout-flow\" style=\"flex-basis:25%\">\n<figure class=\"wp-block-image size-medium\"><img loading=\"lazy\" decoding=\"async\" width=\"300\" height=\"300\" src=\"https:\/\/events.i-med.ac.at\/all\/wp-content\/uploads\/2026\/01\/woehrer-300x300.jpg\" alt=\"\" class=\"wp-image-3055\" style=\"object-fit:cover\" srcset=\"https:\/\/events.i-med.ac.at\/all\/wp-content\/uploads\/2026\/01\/woehrer-300x300.jpg 300w, https:\/\/events.i-med.ac.at\/all\/wp-content\/uploads\/2026\/01\/woehrer-150x150.jpg 150w, https:\/\/events.i-med.ac.at\/all\/wp-content\/uploads\/2026\/01\/woehrer-768x768.jpg 768w, https:\/\/events.i-med.ac.at\/all\/wp-content\/uploads\/2026\/01\/woehrer.jpg 800w\" sizes=\"auto, (max-width: 300px) 100vw, 300px\" \/><\/figure>\n<\/div>\n\n\n\n<div class=\"wp-block-column is-layout-flow wp-block-column-is-layout-flow\" style=\"flex-basis:75%\">\n<p>Adelheid W\u00f6hrer, Professorin f\u00fcr Pathologie und Leiterin des Instituts f\u00fcr Neuropathologie und Neuromolekularpathologie&nbsp;<\/p>\n<\/div>\n<\/div>\n\n\n\n<p>Hirntumore sind insgesamt selten, zeichnen sich aber durch eine Vielzahl \u2013 mehr als 130 \u00ad\u2013 Tumortypen aus. Gemeinsam ist ihnen, dass sie f\u00fcr die Betroffenen mit einschneidenden Symptomen wie Kopfschmerzen, epileptischen Anf\u00e4llen, Sprachst\u00f6rungen, L\u00e4hmungen, Pers\u00f6nlichkeitsver\u00e4nderungen oder kognitive Beeintr\u00e4chtigungen einhergehen k\u00f6nnen. Die Diagnostik ist aufwendig und dauert in der Regel zwei bis drei Wochen. In diesem Vortrag erkl\u00e4rt die Neuropathologin <strong>Adelheid W\u00f6hrer<\/strong>, was Epigenetik ist und warum sie bei Hirntumoren und anderen Krebserkrankungen eine entscheidende Rolle spielt. Sie zeigt auf, wie KI die Diagnosen nicht nur pr\u00e4ziser macht, sondern die ungewisse Wartezeit auf wenige Stunden bis Tage verringern kann. Innsbruck ist eines der f\u00fchrenden Zentren \u00d6sterreichs, wenn es um diese neuartige \u201eultraschnelle\u201c Tumordiagnostik geht.<\/p>\n\n\n\n<div class=\"wp-block-buttons is-layout-flex wp-block-buttons-is-layout-flex\">\n<div class=\"wp-block-button\"><a class=\"wp-block-button__link has-background wp-element-button\" href=\"https:\/\/mui.cloud.panopto.eu\/Panopto\/Portal\/Streaming\/Woche_des_Gehirns\/087e40e1-b2ec-465f-a646-b3f700abc952\/f869c616-9cb2-4fdd-b709-b3f700ae216e\" style=\"background-color:#4b849c\" target=\"_blank\" rel=\"noreferrer noopener\">Hier den Vortrag nachsehen!<\/a><\/div>\n<\/div>\n<\/div>\n<\/div>\n\n\n\n<div class=\"wp-block-columns ticss-58c1f68a has-background is-layout-flex wp-container-core-columns-is-layout-9d6595d7 wp-block-columns-is-layout-flex\" style=\"background-color:#f1f1f1\">\n<div class=\"wp-block-column ticss-f6dd283a bggehirn has-background is-layout-flow wp-block-column-is-layout-flow\" style=\"background-color:#dbe7ef;flex-basis:35%\">\n<h3 class=\"wp-block-heading mb-0 has-text-color has-link-color wp-elements-a6d7d078fdeb4637faf7f22580fca844\" style=\"color:#4b849c\">Mittwoch, 18.03.2026<\/h3>\n\n\n\n<hr class=\"wp-block-separator has-text-color has-alpha-channel-opacity has-background is-style-wide\" style=\"background-color:#da353c;color:#da353c\"\/>\n\n\n\n<p class=\"fs-6 mb-3 ticss-41ab3947\"><\/p>\n\n\n\n<p class=\"mb-0 ticss-8404f503\"><\/p>\n<\/div>\n\n\n\n<div class=\"wp-block-column ticss-1ca4bd8f p-4 pt-0 pt-md-4 px-lg-0 pe-lg-4 is-layout-flow wp-block-column-is-layout-flow\" style=\"flex-basis:65%\">\n<h3 class=\"wp-block-heading pb-4\">Biologische und K\u00fcnstliche Intelligenz &#8211; Was sie gemeinsam haben und was sie unterscheidet<\/h3>\n\n\n\n<div class=\"wp-block-columns is-not-stacked-on-mobile mb-0 is-layout-flex wp-container-core-columns-is-layout-9d6595d7 wp-block-columns-is-layout-flex\">\n<div class=\"wp-block-column is-layout-flow wp-block-column-is-layout-flow\" style=\"flex-basis:25%\">\n<figure class=\"wp-block-image size-medium\"><img loading=\"lazy\" decoding=\"async\" width=\"263\" height=\"300\" src=\"https:\/\/events.i-med.ac.at\/all\/wp-content\/uploads\/2026\/02\/Luecke-Joerg_Copyright-privat-263x300.jpg\" alt=\"\" class=\"wp-image-3066\" style=\"aspect-ratio:1;object-fit:cover\" srcset=\"https:\/\/events.i-med.ac.at\/all\/wp-content\/uploads\/2026\/02\/Luecke-Joerg_Copyright-privat-263x300.jpg 263w, https:\/\/events.i-med.ac.at\/all\/wp-content\/uploads\/2026\/02\/Luecke-Joerg_Copyright-privat-897x1024.jpg 897w, https:\/\/events.i-med.ac.at\/all\/wp-content\/uploads\/2026\/02\/Luecke-Joerg_Copyright-privat-768x877.jpg 768w, https:\/\/events.i-med.ac.at\/all\/wp-content\/uploads\/2026\/02\/Luecke-Joerg_Copyright-privat.jpg 992w\" sizes=\"auto, (max-width: 263px) 100vw, 263px\" \/><\/figure>\n<\/div>\n\n\n\n<div class=\"wp-block-column is-layout-flow wp-block-column-is-layout-flow\" style=\"flex-basis:75%\">\n<p>J\u00f6rg L\u00fccke, Professor f\u00fcr K\u00fcnstliche Intelligenz und Leiter des Forschungslabors AI, Universit\u00e4t Innsbruck<\/p>\n<\/div>\n<\/div>\n\n\n\n<p>Es ist wohl das erste Mal in der Entwicklungsgeschichte des Menschen, dass eine k\u00fcnstliche Alternative zur menschlichen Intelligenz einen derart gro\u00dfen, gesamtgesellschaftlichen Einfluss aus\u00fcbt. Dieser Einfluss hat sowohl vielf\u00e4ltige positive als auch vielf\u00e4ltige negative Folgen. Was macht den Unterschied zwischen menschlicher und k\u00fcnstlicher Intelligenz aus wissenschaftlicher Perspektive aus? Ist das menschliche Gehirn vielleicht sogar ein Auslaufmodell im Vergleich zu den wachsenden F\u00e4higkeiten der KI? Um diese Fragen etwas n\u00e4her zu beleuchten, lohnt es sich, die F\u00e4higkeiten des Gehirns und die der heutigen KI herauszuarbeiten. Der Leiter des Forschungslabors AI an der Universit\u00e4t Innsbruck, <strong>J\u00f6rg L\u00fccke<\/strong>, diskutiert in diesem Vortrag die Unterschiede und Gemeinsamkeiten und versucht damit, die oft \u00fcberinterpretierten F\u00e4higkeiten heutiger KI etwas besser einzuordnen.<\/p>\n\n\n\n<div class=\"wp-block-buttons is-layout-flex wp-block-buttons-is-layout-flex\">\n<div class=\"wp-block-button\"><a class=\"wp-block-button__link has-background wp-element-button\" href=\"https:\/\/mui.cloud.panopto.eu\/Panopto\/Portal\/Streaming\/Woche_des_Gehirns\/087e40e1-b2ec-465f-a646-b3f700abc952\/fe8201c1-0e2f-4588-8c75-b3f700adca0a\" style=\"background-color:#4b849c\" target=\"_blank\" rel=\"noreferrer noopener\">Hier den Vortrag nachsehen!<\/a><\/div>\n<\/div>\n<\/div>\n<\/div>\n\n\n\n<div class=\"wp-block-columns ticss-58c1f68a has-background is-layout-flex wp-container-core-columns-is-layout-9d6595d7 wp-block-columns-is-layout-flex\" style=\"background-color:#f1f1f1\">\n<div class=\"wp-block-column ticss-3c606fa1 bggehirn has-background is-layout-flow wp-block-column-is-layout-flow\" style=\"background-color:#dbe7ef;flex-basis:35%\">\n<h3 class=\"wp-block-heading mb-0 has-text-color has-link-color wp-elements-905fc49fbff0be1bbc1b1f54181cbc43\" style=\"color:#4b849c\">Donnerstag, 19.03.2026 <\/h3>\n\n\n\n<hr class=\"wp-block-separator has-text-color has-alpha-channel-opacity has-background is-style-wide\" style=\"background-color:#da353c;color:#da353c\"\/>\n\n\n\n<p class=\"fs-6 mb-3 ticss-9ce2ea3e\"><\/p>\n\n\n\n<p class=\"mb-0 ticss-8404f503\"><\/p>\n<\/div>\n\n\n\n<div class=\"wp-block-column ticss-1244d671 p-4 pt-0 pt-md-4 px-lg-0 pe-lg-4 is-layout-flow wp-block-column-is-layout-flow\" style=\"flex-basis:65%\">\n<h3 class=\"wp-block-heading pb-4\">Was Ver\u00e4nderungen der Hirnaktivit\u00e4t im Schlaf \u00fcber unsere Gesundheit sagen &#8211; Von klassischer Schlafmedizin bis KI-Analyse<\/h3>\n\n\n\n<div class=\"wp-block-columns is-not-stacked-on-mobile mb-0 is-layout-flex wp-container-core-columns-is-layout-9d6595d7 wp-block-columns-is-layout-flex\">\n<div class=\"wp-block-column is-layout-flow wp-block-column-is-layout-flow\" style=\"flex-basis:25%\">\n<figure class=\"wp-block-image size-medium\"><img loading=\"lazy\" decoding=\"async\" width=\"300\" height=\"300\" src=\"https:\/\/events.i-med.ac.at\/all\/wp-content\/uploads\/2026\/01\/birgit_hoegl-1024x1024-1-300x300.jpg\" alt=\"\" class=\"wp-image-3057\" style=\"object-fit:cover\" srcset=\"https:\/\/events.i-med.ac.at\/all\/wp-content\/uploads\/2026\/01\/birgit_hoegl-1024x1024-1-300x300.jpg 300w, https:\/\/events.i-med.ac.at\/all\/wp-content\/uploads\/2026\/01\/birgit_hoegl-1024x1024-1-150x150.jpg 150w, https:\/\/events.i-med.ac.at\/all\/wp-content\/uploads\/2026\/01\/birgit_hoegl-1024x1024-1-768x768.jpg 768w, https:\/\/events.i-med.ac.at\/all\/wp-content\/uploads\/2026\/01\/birgit_hoegl-1024x1024-1.jpg 1024w\" sizes=\"auto, (max-width: 300px) 100vw, 300px\" \/><\/figure>\n<\/div>\n\n\n\n<div class=\"wp-block-column is-layout-flow wp-block-column-is-layout-flow\" style=\"flex-basis:75%\">\n<p>Birgit H\u00f6gl, Professorin f\u00fcr Neurologie und Leiterin des Zentrums f\u00fcr Schlafmedizin&nbsp;<\/p>\n<\/div>\n<\/div>\n\n\n\n<div class=\"wp-block-columns is-not-stacked-on-mobile mb-0 is-layout-flex wp-container-core-columns-is-layout-9d6595d7 wp-block-columns-is-layout-flex\">\n<div class=\"wp-block-column is-layout-flow wp-block-column-is-layout-flow\" style=\"flex-basis:25%\">\n<figure class=\"wp-block-image size-medium\"><img loading=\"lazy\" decoding=\"async\" width=\"300\" height=\"300\" src=\"https:\/\/events.i-med.ac.at\/all\/wp-content\/uploads\/2026\/01\/matteo_cesari-300x300.jpg\" alt=\"\" class=\"wp-image-3058\" style=\"object-fit:cover\" srcset=\"https:\/\/events.i-med.ac.at\/all\/wp-content\/uploads\/2026\/01\/matteo_cesari-300x300.jpg 300w, https:\/\/events.i-med.ac.at\/all\/wp-content\/uploads\/2026\/01\/matteo_cesari-150x150.jpg 150w, https:\/\/events.i-med.ac.at\/all\/wp-content\/uploads\/2026\/01\/matteo_cesari.jpg 656w\" sizes=\"auto, (max-width: 300px) 100vw, 300px\" \/><\/figure>\n<\/div>\n\n\n\n<div class=\"wp-block-column is-layout-flow wp-block-column-is-layout-flow\" style=\"flex-basis:75%\">\n<p>Matteo Cesari, Senior Scientist und Biomedical Engineer &nbsp;<\/p>\n<\/div>\n<\/div>\n\n\n\n<p>Guter Schlaf ist entscheidend f\u00fcr unsere Gesundheit \u2013 doch wie l\u00e4sst sich Schlaf objektiv verstehen und bewerten? W\u00e4hrend wir schlafen, ver\u00e4ndert sich die Hirnaktivit\u00e4t in charakteristischen Mustern. Sie spiegeln die verschiedenen Schlafstadien wider und liefern wichtige Hinweise auf Erholung, Ged\u00e4chtnisprozesse und Krankheitsmechanismen.&nbsp;Moderne Messmethoden machen diese Hirnaktivit\u00e4ten hochaufl\u00f6send sichtbar. K\u00fcnstliche Intelligenz erm\u00f6glicht es zus\u00e4tzlich, gro\u00dfe Datenmengen automatisch auszuwerten und Muster zu erkennen, die mit blo\u00dfem Auge schwer erfassbar sind. In ihrem Vortrag erkl\u00e4ren die Schlafmedizinerin <strong>Birgit H\u00f6gl<\/strong> und der KI-Experte <strong>Matteo Cesari<\/strong>, wie sich KI-basierte Ans\u00e4tze und bew\u00e4hrte schlafmedizinische Konzepte erg\u00e4nzen und gemeinsam ein tieferes Verst\u00e4ndnis von Schlaf und seinen St\u00f6rungen er\u00f6ffnen, sowie neue Perspektiven f\u00fcr eine bessere Schlafgesundheit.<\/p>\n\n\n\n<div class=\"wp-block-buttons is-layout-flex wp-block-buttons-is-layout-flex\">\n<div class=\"wp-block-button\"><a class=\"wp-block-button__link has-background wp-element-button\" href=\"https:\/\/mui.cloud.panopto.eu\/Panopto\/Portal\/Streaming\/Woche_des_Gehirns\/087e40e1-b2ec-465f-a646-b3f700abc952\/bb13404a-4b23-4176-aa38-b3f700acd368\" style=\"background-color:#4b849c\" target=\"_blank\" rel=\"noreferrer noopener\">Hier den Vortrag nachsehen!<\/a><\/div>\n<\/div>\n<\/div>\n<\/div>\n\n\n\n<div class=\"wp-block-columns ticss-58c1f68a has-background is-layout-flex wp-container-core-columns-is-layout-9d6595d7 wp-block-columns-is-layout-flex\" style=\"background-color:#f1f1f1\">\n<div class=\"wp-block-column ticss-3c606fa1 bggehirn has-background is-layout-flow wp-block-column-is-layout-flow\" style=\"background-color:#dbe7ef;flex-basis:35%\">\n<h3 class=\"wp-block-heading mb-0 has-text-color has-link-color wp-elements-b06e2951ec5bfab6d5efa16a902057a6\" style=\"color:#4b849c\">Freitag, 20.03.2026 <\/h3>\n\n\n\n<hr class=\"wp-block-separator has-text-color has-alpha-channel-opacity has-background is-style-wide\" style=\"background-color:#da353c;color:#da353c\"\/>\n\n\n\n<p class=\"fs-6 mb-3 ticss-3b296627\"><\/p>\n\n\n\n<p class=\"mb-0 ticss-8404f503\"><\/p>\n<\/div>\n\n\n\n<div class=\"wp-block-column ticss-1244d671 p-4 pt-0 pt-md-4 px-lg-0 pe-lg-4 is-layout-flow wp-block-column-is-layout-flow\" style=\"flex-basis:65%\">\n<h3 class=\"wp-block-heading pb-4\">Gespr\u00e4che mit der KI &#8211; Wie Chatbots unser Denken und F\u00fchlen beeinflussen<\/h3>\n\n\n\n<div class=\"wp-block-columns is-not-stacked-on-mobile mb-0 is-layout-flex wp-container-core-columns-is-layout-9d6595d7 wp-block-columns-is-layout-flex\">\n<div class=\"wp-block-column is-layout-flow wp-block-column-is-layout-flow\" style=\"flex-basis:25%\">\n<figure class=\"wp-block-image size-full\"><img loading=\"lazy\" decoding=\"async\" width=\"2560\" height=\"1703\" src=\"https:\/\/events.i-med.ac.at\/all\/wp-content\/uploads\/2026\/02\/Hoefer-Stefan_Copyright-MUI-scaled.jpg\" alt=\"\" class=\"wp-image-3065\" style=\"aspect-ratio:1;object-fit:cover\" srcset=\"https:\/\/events.i-med.ac.at\/all\/wp-content\/uploads\/2026\/02\/Hoefer-Stefan_Copyright-MUI-scaled.jpg 2560w, https:\/\/events.i-med.ac.at\/all\/wp-content\/uploads\/2026\/02\/Hoefer-Stefan_Copyright-MUI-300x200.jpg 300w, https:\/\/events.i-med.ac.at\/all\/wp-content\/uploads\/2026\/02\/Hoefer-Stefan_Copyright-MUI-1024x681.jpg 1024w, https:\/\/events.i-med.ac.at\/all\/wp-content\/uploads\/2026\/02\/Hoefer-Stefan_Copyright-MUI-768x511.jpg 768w, https:\/\/events.i-med.ac.at\/all\/wp-content\/uploads\/2026\/02\/Hoefer-Stefan_Copyright-MUI-1536x1022.jpg 1536w, https:\/\/events.i-med.ac.at\/all\/wp-content\/uploads\/2026\/02\/Hoefer-Stefan_Copyright-MUI-2048x1363.jpg 2048w\" sizes=\"auto, (max-width: 2560px) 100vw, 2560px\" \/><\/figure>\n<\/div>\n\n\n\n<div class=\"wp-block-column is-layout-flow wp-block-column-is-layout-flow\" style=\"flex-basis:75%\">\n<p>Stefan H\u00f6fer, Assoz.-Professor f\u00fcr Psychologie und Gl\u00fccksforscher&nbsp;<\/p>\n<\/div>\n<\/div>\n\n\n\n<p>Manche Menschen erz\u00e4hlen Chatbots Dinge, die sie keinem Menschen sagen w\u00fcrden. Andere lassen sich von einer KI motivieren, tr\u00f6sten oder bei Lebensentscheidungen begleiten. Chatbots wie ChatGPT sind l\u00e4ngst mehr als technische Helfer. Sie reagieren auf unsere Worte, spiegeln unsere Gef\u00fchle und geben uns das Gef\u00fchl, geh\u00f6rt zu werden. Was passiert, wenn Maschinen zu Gespr\u00e4chspartnern werden \u2013 und was sagt das \u00fcber uns aus?&nbsp;<\/p>\n\n\n\n<p>In diesem Vortrag zeigt der Gesundheitspsychologe und Gl\u00fccksforscher <strong>Stefan H\u00f6fer<\/strong>, wie Gespr\u00e4che mit KI unser Wohlbefinden, unsere Zufriedenheit und unser Gl\u00fccksempfinden beeinflussen k\u00f6nnen. Warum f\u00fchlen sich manche dieser Dialoge \u00fcberraschend \u201enah&#8221; an? Weshalb k\u00f6nnen sie beruhigen, motivieren \u2013 aber auch t\u00e4uschen und abh\u00e4ngig machen? Und wie ver\u00e4ndern sie unser Bild davon, was gute Beziehungen und ein gutes Leben sind? Basierend auf Forschung zu positiver Psychologie und aktuellen Entwicklungen in der KI beleuchtet der Vortrag eine stille Revolution &#8211; Nicht in den Maschinen, sondern in uns.<\/p>\n\n\n\n<div class=\"wp-block-buttons is-layout-flex wp-block-buttons-is-layout-flex\">\n<div class=\"wp-block-button\"><a class=\"wp-block-button__link has-background wp-element-button\" href=\"https:\/\/mui.cloud.panopto.eu\/Panopto\/Portal\/Streaming\/Woche_des_Gehirns\/087e40e1-b2ec-465f-a646-b3f700abc952\/6852bc65-2d52-4fd1-9c85-b3f700ac549e\" style=\"background-color:#4b849c\" target=\"_blank\" rel=\"noreferrer noopener\">Hier den Vortrag nachsehen!<\/a><\/div>\n<\/div>\n<\/div>\n<\/div>\n<\/div><\/div>\n\n\n\n<div class=\"wp-block-columns alignfull px-5 is-layout-flex wp-container-core-columns-is-layout-9d6595d7 wp-block-columns-is-layout-flex\">\n<div class=\"wp-block-column is-vertically-aligned-center is-layout-flow wp-block-column-is-layout-flow\" style=\"flex-basis:40%\">\n<div class=\"wp-block-columns alignfull are-vertically-aligned-center pt-5 is-layout-flex wp-container-core-columns-is-layout-9d6595d7 wp-block-columns-is-layout-flex\">\n<div class=\"wp-block-column is-vertically-aligned-center is-layout-flow wp-block-column-is-layout-flow\" style=\"flex-basis:40%\"><div class=\"wp-block-image\">\n<figure class=\"aligncenter size-full\"><img loading=\"lazy\" decoding=\"async\" width=\"1240\" height=\"1163\" src=\"https:\/\/events.i-med.ac.at\/all\/wp-content\/uploads\/2026\/02\/KI-Impulsvortraege-1.png\" alt=\"\" class=\"wp-image-3086\" srcset=\"https:\/\/events.i-med.ac.at\/all\/wp-content\/uploads\/2026\/02\/KI-Impulsvortraege-1.png 1240w, https:\/\/events.i-med.ac.at\/all\/wp-content\/uploads\/2026\/02\/KI-Impulsvortraege-1-300x281.png 300w, https:\/\/events.i-med.ac.at\/all\/wp-content\/uploads\/2026\/02\/KI-Impulsvortraege-1-1024x960.png 1024w, https:\/\/events.i-med.ac.at\/all\/wp-content\/uploads\/2026\/02\/KI-Impulsvortraege-1-768x720.png 768w\" sizes=\"auto, (max-width: 1240px) 100vw, 1240px\" \/><\/figure>\n<\/div><\/div>\n\n\n\n<div class=\"wp-block-column is-vertically-aligned-center is-layout-flow wp-block-column-is-layout-flow\" style=\"flex-basis:45%\"><div class=\"wp-block-image\">\n<figure class=\"aligncenter size-full is-resized\"><img loading=\"lazy\" decoding=\"async\" width=\"100\" height=\"100\" src=\"https:\/\/events.i-med.ac.at\/all\/wp-content\/uploads\/2025\/02\/meditation-9439a3.svg\" alt=\"\" class=\"wp-image-2275\" style=\"aspect-ratio:1.0028204324663115;width:183px;height:auto\"\/><\/figure>\n<\/div><\/div>\n<\/div>\n<\/div>\n\n\n\n<div class=\"wp-block-column is-vertically-aligned-center is-layout-flow wp-block-column-is-layout-flow\" style=\"flex-basis:60%\">\n<h3 class=\"wp-block-heading has-text-align-center\">W\u00e4hrend der Woche des Gehirns gibt es f\u00fcr alle Interessierte ein <a href=\"https:\/\/events.i-med.ac.at\/all\/rahmenprogramm-woche-des-gehirns\/\" target=\"_blank\" rel=\"noreferrer noopener\">kostenloses Rahmenprogramm<\/a> mit KI-Impulsvortr\u00e4gen und Online-Meditation.<\/h3>\n<\/div>\n<\/div>\n\n\n\n<div class=\"wp-block-columns is-layout-flex wp-container-core-columns-is-layout-9d6595d7 wp-block-columns-is-layout-flex\">\n<div class=\"wp-block-column is-layout-flow wp-block-column-is-layout-flow\" style=\"flex-basis:66.66%\">\n<figure class=\"wp-block-image size-large\"><img loading=\"lazy\" decoding=\"async\" width=\"835\" height=\"663\" src=\"https:\/\/events.i-med.ac.at\/all\/wp-content\/uploads\/2026\/03\/6011d4b8-6a2e-4203-ae88-39c50ddf3f49-edited.jpg\" alt=\"\" class=\"wp-image-3232\" srcset=\"https:\/\/events.i-med.ac.at\/all\/wp-content\/uploads\/2026\/03\/6011d4b8-6a2e-4203-ae88-39c50ddf3f49-edited.jpg 835w, https:\/\/events.i-med.ac.at\/all\/wp-content\/uploads\/2026\/03\/6011d4b8-6a2e-4203-ae88-39c50ddf3f49-edited-300x238.jpg 300w, https:\/\/events.i-med.ac.at\/all\/wp-content\/uploads\/2026\/03\/6011d4b8-6a2e-4203-ae88-39c50ddf3f49-edited-768x610.jpg 768w\" sizes=\"auto, (max-width: 835px) 100vw, 835px\" \/><\/figure>\n<\/div>\n\n\n\n<div class=\"wp-block-column is-layout-flow wp-block-column-is-layout-flow\" style=\"flex-basis:33.33%\">\n<p><strong>Br\u00fccken zwischen Biologie und Technologie<\/strong><\/p>\n\n\n\n<p>Auch in diesem Jahr hat die Neurowissenschafterin Noora Tuovinen von der Univ.-Klinik f\u00fcr Psychiatrie I f\u00fcr die Woche des Gehirns ein tolles Tafelbild im gro\u00dfen H\u00f6rsaal der Medizinischen Universit\u00e4t Innsbruck gestaltet. Hier ihre Erkl\u00e4rung zu dem Bild:<\/p>\n\n\n\n<p><em>Diese visuelle Darstellung eines Modells der k\u00fcnstlichen Intelligenz zeigt die Architektur sogenannter neuronaler Netzwerke, die von den miteinander verbundenen Neuronen des menschlichen Gehirns inspiriert sind. K\u00fcnstliche Neuronen sind in farbcodierten Schichten angeordnet, die Daten verarbeiten, um mithilfe eines Modells des maschinellen Lernens Muster zu erkennen. Diese Schichten bestehen aus einer Eingabeschicht (gr\u00fcn), versteckten Schichten und einer Ausgabeschicht (lila), die zu Vorhersagen \u00fcber die Eingabedaten f\u00fchren. Beispielsweise k\u00f6nnte man neuronale Netzmodelle so trainieren, dass sie erkennen, ob ein Bild ein Gehirn zeigt.&nbsp;<\/em><\/p>\n<\/div>\n<\/div>\n","protected":false},"excerpt":{"rendered":"<p>Schwerpunkt: Gehirn, Gesundheit und K\u00fcnstliche Intelligenz Alle Vortr\u00e4ge sind in \u00d6GS (\u00d6sterreichische Geb\u00e4rdensprache) gedolmetscht! Montag, 16.03.2026 Faszination Gehirn &#8211; Wie elektrische Signale und unsichtbare Netzwerke unser Denken und Handeln erm\u00f6glichen Sabine Liebscher, Professorin f\u00fcr Systemische Neurobiochemie und Leiterin des Instituts f\u00fcr Systemische Neurowissenschaften In ihrem Vortrag gibt die Neurobiologin und Medizinerin Sabine Liebscher einen leicht [&hellip;]<\/p>\n","protected":false},"author":3,"featured_media":0,"parent":0,"menu_order":0,"comment_status":"closed","ping_status":"closed","template":"","meta":{"episode_type":"","audio_file":"","podmotor_file_id":"","podmotor_episode_id":"","cover_image":"","cover_image_id":"","duration":"","filesize":"","filesize_raw":"","date_recorded":"","explicit":"","block":"","itunes_episode_number":"","itunes_title":"","itunes_season_number":"","itunes_episode_type":"","_themeisle_gutenberg_block_has_review":false,"footnotes":""},"class_list":["post-3008","page","type-page","status-publish","hentry"],"_links":{"self":[{"href":"https:\/\/events.i-med.ac.at\/all\/wp-json\/wp\/v2\/pages\/3008","targetHints":{"allow":["GET"]}}],"collection":[{"href":"https:\/\/events.i-med.ac.at\/all\/wp-json\/wp\/v2\/pages"}],"about":[{"href":"https:\/\/events.i-med.ac.at\/all\/wp-json\/wp\/v2\/types\/page"}],"author":[{"embeddable":true,"href":"https:\/\/events.i-med.ac.at\/all\/wp-json\/wp\/v2\/users\/3"}],"replies":[{"embeddable":true,"href":"https:\/\/events.i-med.ac.at\/all\/wp-json\/wp\/v2\/comments?post=3008"}],"version-history":[{"count":73,"href":"https:\/\/events.i-med.ac.at\/all\/wp-json\/wp\/v2\/pages\/3008\/revisions"}],"predecessor-version":[{"id":3248,"href":"https:\/\/events.i-med.ac.at\/all\/wp-json\/wp\/v2\/pages\/3008\/revisions\/3248"}],"wp:attachment":[{"href":"https:\/\/events.i-med.ac.at\/all\/wp-json\/wp\/v2\/media?parent=3008"}],"curies":[{"name":"wp","href":"https:\/\/api.w.org\/{rel}","templated":true}]}}