{"id":2180,"date":"2025-02-04T10:58:10","date_gmt":"2025-02-04T09:58:10","guid":{"rendered":"https:\/\/events.i-med.ac.at\/all\/?page_id=2180"},"modified":"2026-08-12T17:22:45","modified_gmt":"2026-08-12T15:22:45","slug":"wissen-schafft-gesundheit","status":"publish","type":"page","link":"https:\/\/events.i-med.ac.at\/all\/wissen-schafft-gesundheit\/","title":{"rendered":"Die Vortragsreihe \u201eWissen|schaf(f)t Gesundheit\u201c"},"content":{"rendered":"\n<div class=\"wp-block-columns pt-5 is-layout-flex wp-container-core-columns-is-layout-8f761849 wp-block-columns-is-layout-flex\">\n<div class=\"wp-block-column is-layout-flow wp-block-column-is-layout-flow\" style=\"flex-basis:66.66%\">\n<figure class=\"wp-block-image size-full\"><img loading=\"lazy\" decoding=\"async\" width=\"800\" height=\"500\" src=\"https:\/\/events.i-med.ac.at\/all\/wp-content\/uploads\/2025\/02\/fit4study_02.-Oktober-2023_florianlechner.com_0Q2A6377-800x500-1.jpg\" alt=\"\" class=\"wp-image-2182\" srcset=\"https:\/\/events.i-med.ac.at\/all\/wp-content\/uploads\/2025\/02\/fit4study_02.-Oktober-2023_florianlechner.com_0Q2A6377-800x500-1.jpg 800w, https:\/\/events.i-med.ac.at\/all\/wp-content\/uploads\/2025\/02\/fit4study_02.-Oktober-2023_florianlechner.com_0Q2A6377-800x500-1-300x188.jpg 300w, https:\/\/events.i-med.ac.at\/all\/wp-content\/uploads\/2025\/02\/fit4study_02.-Oktober-2023_florianlechner.com_0Q2A6377-800x500-1-768x480.jpg 768w\" sizes=\"auto, (max-width: 800px) 100vw, 800px\" \/><\/figure>\n<\/div>\n\n\n\n<div class=\"wp-block-column is-layout-flow wp-block-column-is-layout-flow\" style=\"flex-basis:33.33%\">\n<h2 class=\"wp-block-heading\">Wissen|schaf(f)t Gesundheit<\/h2>\n\n\n\n<p class=\"wp-block-paragraph\">Medizinische Wissenschaft und Forschung gehen Hand in Hand mit Ihrer Gesundheit. Nach diesem Motto veranstaltet die Medizinische Universit\u00e4t Innsbruck eine \u00f6ffentliche Vortragsreihe, in der Sie mehr \u00fcber die Hintergr\u00fcnde von Krankheiten und die Bek\u00e4mpfung dieser erfahren.&nbsp;<\/p>\n\n\n\n<p class=\"wp-block-paragraph\">Der Name der Vortragsreihe \u201eWissen|schaf(f)t Gesundheit\u201c ist f\u00fcr Mediziner:innen und Forscher:innen an der Medizinischen Universit\u00e4t Innsbruck Programm. Gemeinsam setzen sie sich das Ziel einer interessierten \u00d6ffentlichkeit in ansprechenden Vortr\u00e4gen den aktuellen Stand der Forschung auf verst\u00e4ndliche Weise nahezubringen. Die Besucher:innen der Vortragsreihe erhalten im H\u00f6rsaal wichtige Informationen, die dazu beitragen sollen, dass sie und ihr Umfeld gesund bleiben oder wieder gesund werden k\u00f6nnen. Im Anschluss an die Vortr\u00e4ge besteht die M\u00f6glichkeit, Fragen zu stellen.<\/p>\n<\/div>\n<\/div>\n\n\n\n<p class=\"wp-block-paragraph\"><\/p>\n","protected":false},"excerpt":{"rendered":"<p>Wissen|schaf(f)t Gesundheit Medizinische Wissenschaft und Forschung gehen Hand in Hand mit Ihrer Gesundheit. Nach diesem Motto veranstaltet die Medizinische Universit\u00e4t Innsbruck eine \u00f6ffentliche Vortragsreihe, in der Sie mehr \u00fcber die Hintergr\u00fcnde von Krankheiten und die Bek\u00e4mpfung dieser erfahren.&nbsp; Der Name der Vortragsreihe \u201eWissen|schaf(f)t Gesundheit\u201c ist f\u00fcr Mediziner:innen und Forscher:innen an der Medizinischen Universit\u00e4t Innsbruck Programm. [&hellip;]<\/p>\n","protected":false},"author":3,"featured_media":0,"parent":0,"menu_order":0,"comment_status":"closed","ping_status":"closed","template":"","meta":{"episode_type":"","audio_file":"","podmotor_file_id":"","podmotor_episode_id":"","cover_image":"","cover_image_id":"","duration":"","filesize":"","filesize_raw":"","date_recorded":"","explicit":"","block":"","itunes_episode_number":"","itunes_title":"","itunes_season_number":"","itunes_episode_type":"","_themeisle_gutenberg_block_has_review":false,"footnotes":""},"class_list":["post-2180","page","type-page","status-publish","hentry"],"_links":{"self":[{"href":"https:\/\/events.i-med.ac.at\/all\/wp-json\/wp\/v2\/pages\/2180","targetHints":{"allow":["GET"]}}],"collection":[{"href":"https:\/\/events.i-med.ac.at\/all\/wp-json\/wp\/v2\/pages"}],"about":[{"href":"https:\/\/events.i-med.ac.at\/all\/wp-json\/wp\/v2\/types\/page"}],"author":[{"embeddable":true,"href":"https:\/\/events.i-med.ac.at\/all\/wp-json\/wp\/v2\/users\/3"}],"replies":[{"embeddable":true,"href":"https:\/\/events.i-med.ac.at\/all\/wp-json\/wp\/v2\/comments?post=2180"}],"version-history":[{"count":9,"href":"https:\/\/events.i-med.ac.at\/all\/wp-json\/wp\/v2\/pages\/2180\/revisions"}],"predecessor-version":[{"id":3680,"href":"https:\/\/events.i-med.ac.at\/all\/wp-json\/wp\/v2\/pages\/2180\/revisions\/3680"}],"wp:attachment":[{"href":"https:\/\/events.i-med.ac.at\/all\/wp-json\/wp\/v2\/media?parent=2180"}],"curies":[{"name":"wp","href":"https:\/\/api.w.org\/{rel}","templated":true}]}}